{"id":143208,"date":"2025-11-28T12:33:55","date_gmt":"2025-11-28T11:33:55","guid":{"rendered":"https:\/\/www.yoolabox.com\/?post_type=product&#038;p=143208"},"modified":"2026-03-20T12:30:23","modified_gmt":"2026-03-20T11:30:23","slug":"patrick-fiori-jeudi-09-decembre-2027-zenith-paris-la-villette","status":"publish","type":"product","link":"https:\/\/www.yoolabox.com\/index.php\/produit\/patrick-fiori-jeudi-09-decembre-2027-zenith-paris-la-villette\/","title":{"rendered":"PATRICK FIORI &#8211; JEUDI 09 DECEMBRE 2027 &#8211; Z\u00e9nith Paris La Villette"},"content":{"rendered":"<h1>PATRICK FIORI<\/h1>\n<h2><strong>Jeudi 9 d\u00e9cembre 2027 &#8211; 20:00<\/strong><\/h2>\n<p>Apr\u00e8s le succ\u00e8s de sa derni\u00e8re tourn\u00e9e, Patrick Fiori revient sur sc\u00e8ne avec l\u2019envie de r\u00e9inventer la rencontre avec son public.<\/p>\n<p>Accompagn\u00e9 de son \u00e9quipe fid\u00e8le, il invite chacun \u00e0 une soir\u00e9e chaleureuse et g\u00e9n\u00e9reuse o\u00f9 l\u2019\u00e9motion, la proximit\u00e9 et le partage sont au c\u0153ur du spectacle.<\/p>\n<p>Des instants de complicit\u00e9, des interpr\u00e9tations vibrantes et la sensation d\u2019\u00eatre, pour un soir, un \u00ab invit\u00e9 particulier \u00bb.<\/p>\n<p>Si vous r\u00eavez d\u2019un concert qui marque le c\u0153ur, embarquez en 2027 avec Patrick Fiori.<\/p>\n","protected":false},"excerpt":{"rendered":"<h1>PATRICK FIORI<\/h1>\n<h2><strong>Jeudi 9 d\u00e9cembre 2027 &#8211; 20:00<\/strong><\/h2>\n<p>Apr\u00e8s le succ\u00e8s de sa derni\u00e8re tourn\u00e9e, Patrick Fiori revient sur sc\u00e8ne avec l\u2019envie de r\u00e9inventer la rencontre avec son public.<\/p>\n<p>Accompagn\u00e9 de son \u00e9quipe fid\u00e8le, il invite chacun \u00e0 une soir\u00e9e chaleureuse et g\u00e9n\u00e9reuse o\u00f9 l\u2019\u00e9motion, la proximit\u00e9 et le partage sont au c\u0153ur du spectacle.<\/p>\n<p>Des instants de complicit\u00e9, des interpr\u00e9tations vibrantes et la sensation d\u2019\u00eatre, pour un soir, un \u00ab invit\u00e9 particulier \u00bb.<\/p>\n<p>Si vous r\u00eavez d\u2019un concert qui marque le c\u0153ur, embarquez en 2027 avec Patrick Fiori.<\/p>\n","protected":false},"author":8364,"featured_media":147344,"template":"","meta":{"_acf_changed":false},"product_brand":[],"product_cat":[815,817,55,1314,818,160,1316,161,1132,2312,2311],"product_tag":[2313],"class_list":{"0":"post-143208","1":"product","2":"type-product","3":"status-publish","4":"has-post-thumbnail","6":"product_cat-handicap","7":"product_cat-boucle-magnetique","8":"product_cat-concert","9":"product_cat-emplacement-adapte","10":"product_cat-fauteuil-roulant","11":"product_cat-ile-de-france","12":"product_cat-accessible-naturellement-malvoyant","13":"product_cat-region","14":"product_cat-salles","15":"product_cat-zenith-paris-salles","16":"product_cat-zenith-paris","17":"product_tag-zenith-paris","18":"pa_categorie-accompagnateur-pmr-fauteuil-parterre-porte-i","19":"pa_categorie-accompagnateur-pmr-fauteuil-parterre-porte-k","20":"pa_categorie-accompagnateur-pmr-fauteuil-parterre-porte-t","21":"pa_categorie-accompagnateur-pmr-fauteuil-parterre-porte-v","22":"pa_categorie-accompagnateur-psh-marchant-gradins-porte-g","23":"pa_categorie-pmr-fauteuil-parterre-porte-i","24":"pa_categorie-pmr-fauteuil-parterre-porte-k","25":"pa_categorie-pmr-fauteuil-parterre-porte-t","26":"pa_categorie-pmr-fauteuil-parterre-porte-v","27":"pa_categorie-psh-marchant-gradins-porte-g","28":"product-custom-label-billetterie-officielle","29":"product-custom-label-ebillet","30":"product-custom-label-emplacement-fauteuil","31":"product-custom-label-handicap-mental","32":"product-custom-label-mal-voyant","33":"product-custom-label-surdite","34":"badges-style-3","36":"first","37":"instock","38":"shipping-taxable","39":"purchasable","40":"product-type-variable"},"acf":[],"yoast_head":"<!-- This site is optimized with the Yoast SEO plugin v27.2 - https:\/\/yoast.com\/product\/yoast-seo-wordpress\/ -->\n<title>PATRICK FIORI - JEUDI 09 DECEMBRE 2027 - Z\u00e9nith Paris La Villette - Yoolabox.com<\/title>\n<meta name=\"robots\" content=\"index, follow, max-snippet:-1, max-image-preview:large, max-video-preview:-1\" \/>\n<link rel=\"canonical\" href=\"https:\/\/www.yoolabox.com\/index.php\/produit\/patrick-fiori-jeudi-09-decembre-2027-zenith-paris-la-villette\/\" \/>\n<meta name=\"twitter:card\" content=\"summary_large_image\" \/>\n<meta name=\"twitter:title\" content=\"PATRICK FIORI - JEUDI 09 DECEMBRE 2027 - Z\u00e9nith Paris La Villette - Yoolabox.com\" \/>\n<meta name=\"twitter:description\" content=\"PATRICK FIORI Jeudi 9 d\u00e9cembre 2027 - 20:00 Apr\u00e8s le succ\u00e8s de sa derni\u00e8re tourn\u00e9e, Patrick Fiori revient sur sc\u00e8ne avec l\u2019envie de r\u00e9inventer la rencontre avec son public.  Accompagn\u00e9 de son \u00e9quipe fid\u00e8le, il invite chacun \u00e0 une soir\u00e9e chaleureuse et g\u00e9n\u00e9reuse o\u00f9 l\u2019\u00e9motion, la proximit\u00e9 et le partage sont au c\u0153ur du spectacle.  Des instants de complicit\u00e9, des interpr\u00e9tations vibrantes et la sensation d\u2019\u00eatre, pour un soir, un \u00ab invit\u00e9 particulier \u00bb.  Si vous r\u00eavez d\u2019un concert qui marque le c\u0153ur, embarquez en 2027 avec Patrick Fiori.\" \/>\n<meta name=\"twitter:image\" content=\"https:\/\/www.yoolabox.com\/wp-content\/uploads\/2025\/11\/PATRICK-FIORI.png\" \/>\n<meta name=\"twitter:label1\" content=\"Dur\u00e9e de lecture estim\u00e9e\" \/>\n\t<meta name=\"twitter:data1\" content=\"1 minute\" \/>\n<script type=\"application\/ld+json\" class=\"yoast-schema-graph\">{\"@context\":\"https:\/\/schema.org\",\"@graph\":[{\"@type\":\"WebPage\",\"@id\":\"https:\/\/www.yoolabox.com\/index.php\/produit\/patrick-fiori-jeudi-09-decembre-2027-zenith-paris-la-villette\/\",\"url\":\"https:\/\/www.yoolabox.com\/index.php\/produit\/patrick-fiori-jeudi-09-decembre-2027-zenith-paris-la-villette\/\",\"name\":\"PATRICK FIORI - JEUDI 09 DECEMBRE 2027 - Z\u00e9nith Paris La Villette - Yoolabox.com\",\"isPartOf\":{\"@id\":\"https:\/\/www.yoolabox.com\/#website\"},\"primaryImageOfPage\":{\"@id\":\"https:\/\/www.yoolabox.com\/index.php\/produit\/patrick-fiori-jeudi-09-decembre-2027-zenith-paris-la-villette\/#primaryimage\"},\"image\":{\"@id\":\"https:\/\/www.yoolabox.com\/index.php\/produit\/patrick-fiori-jeudi-09-decembre-2027-zenith-paris-la-villette\/#primaryimage\"},\"thumbnailUrl\":\"https:\/\/www.yoolabox.com\/wp-content\/uploads\/2025\/11\/PATRICK-FIORI.png\",\"datePublished\":\"2025-11-28T11:33:55+00:00\",\"dateModified\":\"2026-03-20T11:30:23+00:00\",\"breadcrumb\":{\"@id\":\"https:\/\/www.yoolabox.com\/index.php\/produit\/patrick-fiori-jeudi-09-decembre-2027-zenith-paris-la-villette\/#breadcrumb\"},\"inLanguage\":\"fr-FR\",\"potentialAction\":[{\"@type\":\"ReadAction\",\"target\":[\"https:\/\/www.yoolabox.com\/index.php\/produit\/patrick-fiori-jeudi-09-decembre-2027-zenith-paris-la-villette\/\"]}]},{\"@type\":\"ImageObject\",\"inLanguage\":\"fr-FR\",\"@id\":\"https:\/\/www.yoolabox.com\/index.php\/produit\/patrick-fiori-jeudi-09-decembre-2027-zenith-paris-la-villette\/#primaryimage\",\"url\":\"https:\/\/www.yoolabox.com\/wp-content\/uploads\/2025\/11\/PATRICK-FIORI.png\",\"contentUrl\":\"https:\/\/www.yoolabox.com\/wp-content\/uploads\/2025\/11\/PATRICK-FIORI.png\",\"width\":600,\"height\":738},{\"@type\":\"BreadcrumbList\",\"@id\":\"https:\/\/www.yoolabox.com\/index.php\/produit\/patrick-fiori-jeudi-09-decembre-2027-zenith-paris-la-villette\/#breadcrumb\",\"itemListElement\":[{\"@type\":\"ListItem\",\"position\":1,\"name\":\"Home\",\"item\":\"https:\/\/www.yoolabox.com\/\"},{\"@type\":\"ListItem\",\"position\":2,\"name\":\"Shop\",\"item\":\"https:\/\/www.yoolabox.com\/index.php\/shop\/\"},{\"@type\":\"ListItem\",\"position\":3,\"name\":\"PATRICK FIORI &#8211; JEUDI 09 DECEMBRE 2027 &#8211; Z\u00e9nith Paris La Villette\"}]},{\"@type\":\"WebSite\",\"@id\":\"https:\/\/www.yoolabox.com\/#website\",\"url\":\"https:\/\/www.yoolabox.com\/\",\"name\":\"Yoolabox.com\",\"description\":\"La billetterie accessible \u00e0 tous\",\"publisher\":{\"@id\":\"https:\/\/www.yoolabox.com\/#organization\"},\"potentialAction\":[{\"@type\":\"SearchAction\",\"target\":{\"@type\":\"EntryPoint\",\"urlTemplate\":\"https:\/\/www.yoolabox.com\/?s={search_term_string}\"},\"query-input\":{\"@type\":\"PropertyValueSpecification\",\"valueRequired\":true,\"valueName\":\"search_term_string\"}}],\"inLanguage\":\"fr-FR\"},{\"@type\":\"Organization\",\"@id\":\"https:\/\/www.yoolabox.com\/#organization\",\"name\":\"Yoolabox.com\",\"url\":\"https:\/\/www.yoolabox.com\/\",\"logo\":{\"@type\":\"ImageObject\",\"inLanguage\":\"fr-FR\",\"@id\":\"https:\/\/www.yoolabox.com\/#\/schema\/logo\/image\/\",\"url\":\"https:\/\/www.yoolabox.com\/wp-content\/uploads\/2019\/11\/cropped-Logo_web.jpg\",\"contentUrl\":\"https:\/\/www.yoolabox.com\/wp-content\/uploads\/2019\/11\/cropped-Logo_web.jpg\",\"width\":300,\"height\":100,\"caption\":\"Yoolabox.com\"},\"image\":{\"@id\":\"https:\/\/www.yoolabox.com\/#\/schema\/logo\/image\/\"}}]}<\/script>\n<!-- \/ Yoast SEO plugin. -->","yoast_head_json":{"title":"PATRICK FIORI - JEUDI 09 DECEMBRE 2027 - Z\u00e9nith Paris La Villette - Yoolabox.com","robots":{"index":"index","follow":"follow","max-snippet":"max-snippet:-1","max-image-preview":"max-image-preview:large","max-video-preview":"max-video-preview:-1"},"canonical":"https:\/\/www.yoolabox.com\/index.php\/produit\/patrick-fiori-jeudi-09-decembre-2027-zenith-paris-la-villette\/","twitter_card":"summary_large_image","twitter_title":"PATRICK FIORI - JEUDI 09 DECEMBRE 2027 - Z\u00e9nith Paris La Villette - Yoolabox.com","twitter_description":"PATRICK FIORI Jeudi 9 d\u00e9cembre 2027 - 20:00 Apr\u00e8s le succ\u00e8s de sa derni\u00e8re tourn\u00e9e, Patrick Fiori revient sur sc\u00e8ne avec l\u2019envie de r\u00e9inventer la rencontre avec son public.  Accompagn\u00e9 de son \u00e9quipe fid\u00e8le, il invite chacun \u00e0 une soir\u00e9e chaleureuse et g\u00e9n\u00e9reuse o\u00f9 l\u2019\u00e9motion, la proximit\u00e9 et le partage sont au c\u0153ur du spectacle.  Des instants de complicit\u00e9, des interpr\u00e9tations vibrantes et la sensation d\u2019\u00eatre, pour un soir, un \u00ab invit\u00e9 particulier \u00bb.  Si vous r\u00eavez d\u2019un concert qui marque le c\u0153ur, embarquez en 2027 avec Patrick Fiori.","twitter_image":"https:\/\/www.yoolabox.com\/wp-content\/uploads\/2025\/11\/PATRICK-FIORI.png","twitter_misc":{"Dur\u00e9e de lecture estim\u00e9e":"1 minute"},"schema":{"@context":"https:\/\/schema.org","@graph":[{"@type":"WebPage","@id":"https:\/\/www.yoolabox.com\/index.php\/produit\/patrick-fiori-jeudi-09-decembre-2027-zenith-paris-la-villette\/","url":"https:\/\/www.yoolabox.com\/index.php\/produit\/patrick-fiori-jeudi-09-decembre-2027-zenith-paris-la-villette\/","name":"PATRICK FIORI - JEUDI 09 DECEMBRE 2027 - Z\u00e9nith Paris La Villette - Yoolabox.com","isPartOf":{"@id":"https:\/\/www.yoolabox.com\/#website"},"primaryImageOfPage":{"@id":"https:\/\/www.yoolabox.com\/index.php\/produit\/patrick-fiori-jeudi-09-decembre-2027-zenith-paris-la-villette\/#primaryimage"},"image":{"@id":"https:\/\/www.yoolabox.com\/index.php\/produit\/patrick-fiori-jeudi-09-decembre-2027-zenith-paris-la-villette\/#primaryimage"},"thumbnailUrl":"https:\/\/www.yoolabox.com\/wp-content\/uploads\/2025\/11\/PATRICK-FIORI.png","datePublished":"2025-11-28T11:33:55+00:00","dateModified":"2026-03-20T11:30:23+00:00","breadcrumb":{"@id":"https:\/\/www.yoolabox.com\/index.php\/produit\/patrick-fiori-jeudi-09-decembre-2027-zenith-paris-la-villette\/#breadcrumb"},"inLanguage":"fr-FR","potentialAction":[{"@type":"ReadAction","target":["https:\/\/www.yoolabox.com\/index.php\/produit\/patrick-fiori-jeudi-09-decembre-2027-zenith-paris-la-villette\/"]}]},{"@type":"ImageObject","inLanguage":"fr-FR","@id":"https:\/\/www.yoolabox.com\/index.php\/produit\/patrick-fiori-jeudi-09-decembre-2027-zenith-paris-la-villette\/#primaryimage","url":"https:\/\/www.yoolabox.com\/wp-content\/uploads\/2025\/11\/PATRICK-FIORI.png","contentUrl":"https:\/\/www.yoolabox.com\/wp-content\/uploads\/2025\/11\/PATRICK-FIORI.png","width":600,"height":738},{"@type":"BreadcrumbList","@id":"https:\/\/www.yoolabox.com\/index.php\/produit\/patrick-fiori-jeudi-09-decembre-2027-zenith-paris-la-villette\/#breadcrumb","itemListElement":[{"@type":"ListItem","position":1,"name":"Home","item":"https:\/\/www.yoolabox.com\/"},{"@type":"ListItem","position":2,"name":"Shop","item":"https:\/\/www.yoolabox.com\/index.php\/shop\/"},{"@type":"ListItem","position":3,"name":"PATRICK FIORI &#8211; JEUDI 09 DECEMBRE 2027 &#8211; Z\u00e9nith Paris La Villette"}]},{"@type":"WebSite","@id":"https:\/\/www.yoolabox.com\/#website","url":"https:\/\/www.yoolabox.com\/","name":"Yoolabox.com","description":"La billetterie accessible \u00e0 tous","publisher":{"@id":"https:\/\/www.yoolabox.com\/#organization"},"potentialAction":[{"@type":"SearchAction","target":{"@type":"EntryPoint","urlTemplate":"https:\/\/www.yoolabox.com\/?s={search_term_string}"},"query-input":{"@type":"PropertyValueSpecification","valueRequired":true,"valueName":"search_term_string"}}],"inLanguage":"fr-FR"},{"@type":"Organization","@id":"https:\/\/www.yoolabox.com\/#organization","name":"Yoolabox.com","url":"https:\/\/www.yoolabox.com\/","logo":{"@type":"ImageObject","inLanguage":"fr-FR","@id":"https:\/\/www.yoolabox.com\/#\/schema\/logo\/image\/","url":"https:\/\/www.yoolabox.com\/wp-content\/uploads\/2019\/11\/cropped-Logo_web.jpg","contentUrl":"https:\/\/www.yoolabox.com\/wp-content\/uploads\/2019\/11\/cropped-Logo_web.jpg","width":300,"height":100,"caption":"Yoolabox.com"},"image":{"@id":"https:\/\/www.yoolabox.com\/#\/schema\/logo\/image\/"}}]}},"publishpress_future_action":{"enabled":false,"date":"2026-05-05 19:57:42","action":"change-status","newStatus":"draft","terms":[],"taxonomy":"product_cat","extraData":[]},"publishpress_future_workflow_manual_trigger":{"enabledWorkflows":[]},"_links":{"self":[{"href":"https:\/\/www.yoolabox.com\/index.php\/wp-json\/wp\/v2\/product\/143208","targetHints":{"allow":["GET"]}}],"collection":[{"href":"https:\/\/www.yoolabox.com\/index.php\/wp-json\/wp\/v2\/product"}],"about":[{"href":"https:\/\/www.yoolabox.com\/index.php\/wp-json\/wp\/v2\/types\/product"}],"author":[{"embeddable":true,"href":"https:\/\/www.yoolabox.com\/index.php\/wp-json\/wp\/v2\/users\/8364"}],"version-history":[{"count":0,"href":"https:\/\/www.yoolabox.com\/index.php\/wp-json\/wp\/v2\/product\/143208\/revisions"}],"wp:featuredmedia":[{"embeddable":true,"href":"https:\/\/www.yoolabox.com\/index.php\/wp-json\/wp\/v2\/media\/147344"}],"wp:attachment":[{"href":"https:\/\/www.yoolabox.com\/index.php\/wp-json\/wp\/v2\/media?parent=143208"}],"wp:term":[{"taxonomy":"product_brand","embeddable":true,"href":"https:\/\/www.yoolabox.com\/index.php\/wp-json\/wp\/v2\/product_brand?post=143208"},{"taxonomy":"product_cat","embeddable":true,"href":"https:\/\/www.yoolabox.com\/index.php\/wp-json\/wp\/v2\/product_cat?post=143208"},{"taxonomy":"product_tag","embeddable":true,"href":"https:\/\/www.yoolabox.com\/index.php\/wp-json\/wp\/v2\/product_tag?post=143208"}],"curies":[{"name":"wp","href":"https:\/\/api.w.org\/{rel}","templated":true}]}}