{"id":143143,"date":"2025-12-01T10:00:20","date_gmt":"2025-12-01T09:00:20","guid":{"rendered":"https:\/\/www.yoolabox.com\/?post_type=product&#038;p=143143"},"modified":"2026-04-15T23:27:56","modified_gmt":"2026-04-15T21:27:56","slug":"negmarrons-vendredi-02-octobre-2026-zenith-paris-la-villette","status":"publish","type":"product","link":"https:\/\/www.yoolabox.com\/index.php\/produit\/negmarrons-vendredi-02-octobre-2026-zenith-paris-la-villette\/","title":{"rendered":"NEG&#8217;MARRONS &#8211; VENDREDI 02 OCTOBRE 2026 &#8211; Z\u00e9nith Paris &#8211; La Villette"},"content":{"rendered":"<h1><span style=\"font-family: arial, sans-serif;\"><b>NEG&#8217;MARRONS<\/b><\/span><\/h1>\n<h3><strong>Vendredi 2 octobre 2026 &#8211; 20:00<\/strong><\/h3>\n<p><em><strong>Zenith Paris &#8211; La Villette<\/strong><\/em><\/p>\n<p>NEG\u2019 MARRONS \u2013 30 ANS DE CARRI\u00c8RE !<\/p>\n<p>Vendredi 2 octobre 2026 \u2013 20h00 &#8211; Z\u00e9nith de Paris<\/p>\n<p>C\u00e9l\u00e9brons trois d\u00e9cennies de vibes, de reggae, de hip-hop et de good energy !<br \/>\nLe l\u00e9gendaire duo Neg\u2019 Marrons f\u00eate ses 30 ans de carri\u00e8re avec un concert exceptionnel au Z\u00e9nith de Paris.<\/p>\n<p>De \u201cLe Bilan\u201d \u00e0 \u201cTout le monde debout\u201d, Jacky &amp; Ben-J retraceront leur incroyable parcours \u00e0 travers un show explosif, accompagn\u00e9 d\u2019un live band et de nombreux guests surprises issus de la sc\u00e8ne urbaine, reggae et dancehall.<\/p>\n<p>Un \u00e9v\u00e9nement unique, une c\u00e9l\u00e9bration de la musique et de la culture et de l\u2019esprit : libert\u00e9, partage et vibrations positives.<br \/>\nRestez connect\u00e9s pour d\u00e9couvrir la liste des invit\u00e9s et toutes les surprises de cette soir\u00e9e historique.<\/p>\n<p>Neg\u2019 Marrons \u2013 30 ans de son, 30 ans de feu, 30 ans de l\u00e9gende.<\/p>\n<p>&nbsp;<\/p>\n","protected":false},"excerpt":{"rendered":"<h1><span style=\"font-family: arial, sans-serif;\"><b>NEG&#8217;MARRONS<\/b><\/span><\/h1>\n<h3><strong>Vendredi 2 octobre 2026 &#8211; 20:00<\/strong><\/h3>\n<p><em><strong>Zenith Paris &#8211; La Villette<\/strong><\/em><\/p>\n<p>NEG\u2019 MARRONS \u2013 30 ANS DE CARRI\u00c8RE !<\/p>\n<p>Vendredi 2 octobre 2026 \u2013 20h00 &#8211; Z\u00e9nith de Paris<\/p>\n<p>C\u00e9l\u00e9brons trois d\u00e9cennies de vibes, de reggae, de hip-hop et de good energy !<br \/>\nLe l\u00e9gendaire duo Neg\u2019 Marrons f\u00eate ses 30 ans de carri\u00e8re avec un concert exceptionnel au Z\u00e9nith de Paris.<\/p>\n<p>De \u201cLe Bilan\u201d \u00e0 \u201cTout le monde debout\u201d, Jacky &amp; Ben-J retraceront leur incroyable parcours \u00e0 travers un show explosif, accompagn\u00e9 d\u2019un live band et de nombreux guests surprises issus de la sc\u00e8ne urbaine, reggae et dancehall.<\/p>\n<p>Un \u00e9v\u00e9nement unique, une c\u00e9l\u00e9bration de la musique et de la culture et de l\u2019esprit : libert\u00e9, partage et vibrations positives.<br \/>\nRestez connect\u00e9s pour d\u00e9couvrir la liste des invit\u00e9s et toutes les surprises de cette soir\u00e9e historique.<\/p>\n<p>Neg\u2019 Marrons \u2013 30 ans de son, 30 ans de feu, 30 ans de l\u00e9gende.<\/p>\n<p>&nbsp;<\/p>\n","protected":false},"author":4259,"featured_media":147341,"template":"","meta":{"_acf_changed":false},"product_brand":[],"product_cat":[815,817,55,1314,818,160,1316,161,1132,2312,2311],"product_tag":[2313],"class_list":{"0":"post-143143","1":"product","2":"type-product","3":"status-publish","4":"has-post-thumbnail","6":"product_cat-handicap","7":"product_cat-boucle-magnetique","8":"product_cat-concert","9":"product_cat-emplacement-adapte","10":"product_cat-fauteuil-roulant","11":"product_cat-ile-de-france","12":"product_cat-accessible-naturellement-malvoyant","13":"product_cat-region","14":"product_cat-salles","15":"product_cat-zenith-paris-salles","16":"product_cat-zenith-paris","17":"product_tag-zenith-paris","18":"pa_categorie-accompagnateur-pmr-fauteuil-gradin-porte-c","19":"pa_categorie-accompagnateur-pmr-fauteuil-gradin-porte-d","20":"pa_categorie-accompagnateur-pmr-fauteuil-gradin-porte-e","21":"pa_categorie-accompagnateur-pmr-fauteuil-gradin-porte-f","22":"pa_categorie-accompagnateur-psh-marchant-gradin-porte-g","23":"pa_categorie-pmr-fauteuil-gradin-porte-c","24":"pa_categorie-pmr-fauteuil-gradin-porte-d","25":"pa_categorie-pmr-fauteuil-gradin-porte-e","26":"pa_categorie-pmr-fauteuil-gradin-porte-f","27":"pa_categorie-psh-marchant-gradin-porte-g","28":"product-custom-label-billetterie-officielle","29":"product-custom-label-ebillet","30":"product-custom-label-emplacement-fauteuil","31":"product-custom-label-handicap-mental","32":"product-custom-label-surdite","33":"badges-style-3","35":"first","36":"instock","37":"shipping-taxable","38":"purchasable","39":"product-type-variable"},"acf":[],"yoast_head":"<!-- This site is optimized with the Yoast SEO plugin v27.2 - https:\/\/yoast.com\/product\/yoast-seo-wordpress\/ -->\n<title>NEG&#039;MARRONS - VENDREDI 02 OCTOBRE 2026 - Z\u00e9nith Paris - La Villette - Yoolabox.com<\/title>\n<meta name=\"robots\" content=\"index, follow, max-snippet:-1, max-image-preview:large, max-video-preview:-1\" \/>\n<link rel=\"canonical\" href=\"https:\/\/www.yoolabox.com\/index.php\/produit\/negmarrons-vendredi-02-octobre-2026-zenith-paris-la-villette\/\" \/>\n<meta name=\"twitter:card\" content=\"summary_large_image\" \/>\n<meta name=\"twitter:title\" content=\"NEG&#039;MARRONS - VENDREDI 02 OCTOBRE 2026 - Z\u00e9nith Paris - La Villette - Yoolabox.com\" \/>\n<meta name=\"twitter:description\" content=\"NEG&#039;MARRONS Vendredi 2 octobre 2026 - 20:00 Zenith Paris - La Villette  NEG\u2019 MARRONS \u2013 30 ANS DE CARRI\u00c8RE !  Vendredi 2 octobre 2026 \u2013 20h00 - Z\u00e9nith de Paris  C\u00e9l\u00e9brons trois d\u00e9cennies de vibes, de reggae, de hip-hop et de good energy ! Le l\u00e9gendaire duo Neg\u2019 Marrons f\u00eate ses 30 ans de carri\u00e8re avec un concert exceptionnel au Z\u00e9nith de Paris.  De \u201cLe Bilan\u201d \u00e0 \u201cTout le monde debout\u201d, Jacky &amp; Ben-J retraceront leur incroyable parcours \u00e0 travers un show explosif, accompagn\u00e9 d\u2019un live band et de nombreux guests surprises issus de la sc\u00e8ne urbaine, reggae et dancehall.  Un \u00e9v\u00e9nement unique, une c\u00e9l\u00e9bration de la musique et de la culture et de l\u2019esprit : libert\u00e9, partage et vibrations positives. Restez connect\u00e9s pour d\u00e9couvrir la liste des invit\u00e9s et toutes les surprises de cette soir\u00e9e historique.  Neg\u2019 Marrons \u2013 30 ans de son, 30 ans de feu, 30 ans de l\u00e9gende.  &nbsp;\" \/>\n<meta name=\"twitter:image\" content=\"https:\/\/www.yoolabox.com\/wp-content\/uploads\/2025\/12\/NEGMARRONS-.png\" \/>\n<meta name=\"twitter:label1\" content=\"Dur\u00e9e de lecture estim\u00e9e\" \/>\n\t<meta name=\"twitter:data1\" content=\"1 minute\" \/>\n<script type=\"application\/ld+json\" class=\"yoast-schema-graph\">{\"@context\":\"https:\/\/schema.org\",\"@graph\":[{\"@type\":\"WebPage\",\"@id\":\"https:\/\/www.yoolabox.com\/index.php\/produit\/negmarrons-vendredi-02-octobre-2026-zenith-paris-la-villette\/\",\"url\":\"https:\/\/www.yoolabox.com\/index.php\/produit\/negmarrons-vendredi-02-octobre-2026-zenith-paris-la-villette\/\",\"name\":\"NEG'MARRONS - VENDREDI 02 OCTOBRE 2026 - Z\u00e9nith Paris - La Villette - Yoolabox.com\",\"isPartOf\":{\"@id\":\"https:\/\/www.yoolabox.com\/#website\"},\"primaryImageOfPage\":{\"@id\":\"https:\/\/www.yoolabox.com\/index.php\/produit\/negmarrons-vendredi-02-octobre-2026-zenith-paris-la-villette\/#primaryimage\"},\"image\":{\"@id\":\"https:\/\/www.yoolabox.com\/index.php\/produit\/negmarrons-vendredi-02-octobre-2026-zenith-paris-la-villette\/#primaryimage\"},\"thumbnailUrl\":\"https:\/\/www.yoolabox.com\/wp-content\/uploads\/2025\/12\/NEGMARRONS-.png\",\"datePublished\":\"2025-12-01T09:00:20+00:00\",\"dateModified\":\"2026-04-15T21:27:56+00:00\",\"breadcrumb\":{\"@id\":\"https:\/\/www.yoolabox.com\/index.php\/produit\/negmarrons-vendredi-02-octobre-2026-zenith-paris-la-villette\/#breadcrumb\"},\"inLanguage\":\"fr-FR\",\"potentialAction\":[{\"@type\":\"ReadAction\",\"target\":[\"https:\/\/www.yoolabox.com\/index.php\/produit\/negmarrons-vendredi-02-octobre-2026-zenith-paris-la-villette\/\"]}]},{\"@type\":\"ImageObject\",\"inLanguage\":\"fr-FR\",\"@id\":\"https:\/\/www.yoolabox.com\/index.php\/produit\/negmarrons-vendredi-02-octobre-2026-zenith-paris-la-villette\/#primaryimage\",\"url\":\"https:\/\/www.yoolabox.com\/wp-content\/uploads\/2025\/12\/NEGMARRONS-.png\",\"contentUrl\":\"https:\/\/www.yoolabox.com\/wp-content\/uploads\/2025\/12\/NEGMARRONS-.png\",\"width\":600,\"height\":738},{\"@type\":\"BreadcrumbList\",\"@id\":\"https:\/\/www.yoolabox.com\/index.php\/produit\/negmarrons-vendredi-02-octobre-2026-zenith-paris-la-villette\/#breadcrumb\",\"itemListElement\":[{\"@type\":\"ListItem\",\"position\":1,\"name\":\"Home\",\"item\":\"https:\/\/www.yoolabox.com\/\"},{\"@type\":\"ListItem\",\"position\":2,\"name\":\"Shop\",\"item\":\"https:\/\/www.yoolabox.com\/index.php\/shop\/\"},{\"@type\":\"ListItem\",\"position\":3,\"name\":\"NEG&#8217;MARRONS &#8211; VENDREDI 02 OCTOBRE 2026 &#8211; Z\u00e9nith Paris &#8211; La Villette\"}]},{\"@type\":\"WebSite\",\"@id\":\"https:\/\/www.yoolabox.com\/#website\",\"url\":\"https:\/\/www.yoolabox.com\/\",\"name\":\"Yoolabox.com\",\"description\":\"La billetterie accessible \u00e0 tous\",\"publisher\":{\"@id\":\"https:\/\/www.yoolabox.com\/#organization\"},\"potentialAction\":[{\"@type\":\"SearchAction\",\"target\":{\"@type\":\"EntryPoint\",\"urlTemplate\":\"https:\/\/www.yoolabox.com\/?s={search_term_string}\"},\"query-input\":{\"@type\":\"PropertyValueSpecification\",\"valueRequired\":true,\"valueName\":\"search_term_string\"}}],\"inLanguage\":\"fr-FR\"},{\"@type\":\"Organization\",\"@id\":\"https:\/\/www.yoolabox.com\/#organization\",\"name\":\"Yoolabox.com\",\"url\":\"https:\/\/www.yoolabox.com\/\",\"logo\":{\"@type\":\"ImageObject\",\"inLanguage\":\"fr-FR\",\"@id\":\"https:\/\/www.yoolabox.com\/#\/schema\/logo\/image\/\",\"url\":\"https:\/\/www.yoolabox.com\/wp-content\/uploads\/2019\/11\/cropped-Logo_web.jpg\",\"contentUrl\":\"https:\/\/www.yoolabox.com\/wp-content\/uploads\/2019\/11\/cropped-Logo_web.jpg\",\"width\":300,\"height\":100,\"caption\":\"Yoolabox.com\"},\"image\":{\"@id\":\"https:\/\/www.yoolabox.com\/#\/schema\/logo\/image\/\"}}]}<\/script>\n<!-- \/ Yoast SEO plugin. -->","yoast_head_json":{"title":"NEG'MARRONS - VENDREDI 02 OCTOBRE 2026 - Z\u00e9nith Paris - La Villette - Yoolabox.com","robots":{"index":"index","follow":"follow","max-snippet":"max-snippet:-1","max-image-preview":"max-image-preview:large","max-video-preview":"max-video-preview:-1"},"canonical":"https:\/\/www.yoolabox.com\/index.php\/produit\/negmarrons-vendredi-02-octobre-2026-zenith-paris-la-villette\/","twitter_card":"summary_large_image","twitter_title":"NEG'MARRONS - VENDREDI 02 OCTOBRE 2026 - Z\u00e9nith Paris - La Villette - Yoolabox.com","twitter_description":"NEG'MARRONS Vendredi 2 octobre 2026 - 20:00 Zenith Paris - La Villette  NEG\u2019 MARRONS \u2013 30 ANS DE CARRI\u00c8RE !  Vendredi 2 octobre 2026 \u2013 20h00 - Z\u00e9nith de Paris  C\u00e9l\u00e9brons trois d\u00e9cennies de vibes, de reggae, de hip-hop et de good energy ! Le l\u00e9gendaire duo Neg\u2019 Marrons f\u00eate ses 30 ans de carri\u00e8re avec un concert exceptionnel au Z\u00e9nith de Paris.  De \u201cLe Bilan\u201d \u00e0 \u201cTout le monde debout\u201d, Jacky &amp; Ben-J retraceront leur incroyable parcours \u00e0 travers un show explosif, accompagn\u00e9 d\u2019un live band et de nombreux guests surprises issus de la sc\u00e8ne urbaine, reggae et dancehall.  Un \u00e9v\u00e9nement unique, une c\u00e9l\u00e9bration de la musique et de la culture et de l\u2019esprit : libert\u00e9, partage et vibrations positives. Restez connect\u00e9s pour d\u00e9couvrir la liste des invit\u00e9s et toutes les surprises de cette soir\u00e9e historique.  Neg\u2019 Marrons \u2013 30 ans de son, 30 ans de feu, 30 ans de l\u00e9gende.  &nbsp;","twitter_image":"https:\/\/www.yoolabox.com\/wp-content\/uploads\/2025\/12\/NEGMARRONS-.png","twitter_misc":{"Dur\u00e9e de lecture estim\u00e9e":"1 minute"},"schema":{"@context":"https:\/\/schema.org","@graph":[{"@type":"WebPage","@id":"https:\/\/www.yoolabox.com\/index.php\/produit\/negmarrons-vendredi-02-octobre-2026-zenith-paris-la-villette\/","url":"https:\/\/www.yoolabox.com\/index.php\/produit\/negmarrons-vendredi-02-octobre-2026-zenith-paris-la-villette\/","name":"NEG'MARRONS - VENDREDI 02 OCTOBRE 2026 - Z\u00e9nith Paris - La Villette - Yoolabox.com","isPartOf":{"@id":"https:\/\/www.yoolabox.com\/#website"},"primaryImageOfPage":{"@id":"https:\/\/www.yoolabox.com\/index.php\/produit\/negmarrons-vendredi-02-octobre-2026-zenith-paris-la-villette\/#primaryimage"},"image":{"@id":"https:\/\/www.yoolabox.com\/index.php\/produit\/negmarrons-vendredi-02-octobre-2026-zenith-paris-la-villette\/#primaryimage"},"thumbnailUrl":"https:\/\/www.yoolabox.com\/wp-content\/uploads\/2025\/12\/NEGMARRONS-.png","datePublished":"2025-12-01T09:00:20+00:00","dateModified":"2026-04-15T21:27:56+00:00","breadcrumb":{"@id":"https:\/\/www.yoolabox.com\/index.php\/produit\/negmarrons-vendredi-02-octobre-2026-zenith-paris-la-villette\/#breadcrumb"},"inLanguage":"fr-FR","potentialAction":[{"@type":"ReadAction","target":["https:\/\/www.yoolabox.com\/index.php\/produit\/negmarrons-vendredi-02-octobre-2026-zenith-paris-la-villette\/"]}]},{"@type":"ImageObject","inLanguage":"fr-FR","@id":"https:\/\/www.yoolabox.com\/index.php\/produit\/negmarrons-vendredi-02-octobre-2026-zenith-paris-la-villette\/#primaryimage","url":"https:\/\/www.yoolabox.com\/wp-content\/uploads\/2025\/12\/NEGMARRONS-.png","contentUrl":"https:\/\/www.yoolabox.com\/wp-content\/uploads\/2025\/12\/NEGMARRONS-.png","width":600,"height":738},{"@type":"BreadcrumbList","@id":"https:\/\/www.yoolabox.com\/index.php\/produit\/negmarrons-vendredi-02-octobre-2026-zenith-paris-la-villette\/#breadcrumb","itemListElement":[{"@type":"ListItem","position":1,"name":"Home","item":"https:\/\/www.yoolabox.com\/"},{"@type":"ListItem","position":2,"name":"Shop","item":"https:\/\/www.yoolabox.com\/index.php\/shop\/"},{"@type":"ListItem","position":3,"name":"NEG&#8217;MARRONS &#8211; VENDREDI 02 OCTOBRE 2026 &#8211; Z\u00e9nith Paris &#8211; La Villette"}]},{"@type":"WebSite","@id":"https:\/\/www.yoolabox.com\/#website","url":"https:\/\/www.yoolabox.com\/","name":"Yoolabox.com","description":"La billetterie accessible \u00e0 tous","publisher":{"@id":"https:\/\/www.yoolabox.com\/#organization"},"potentialAction":[{"@type":"SearchAction","target":{"@type":"EntryPoint","urlTemplate":"https:\/\/www.yoolabox.com\/?s={search_term_string}"},"query-input":{"@type":"PropertyValueSpecification","valueRequired":true,"valueName":"search_term_string"}}],"inLanguage":"fr-FR"},{"@type":"Organization","@id":"https:\/\/www.yoolabox.com\/#organization","name":"Yoolabox.com","url":"https:\/\/www.yoolabox.com\/","logo":{"@type":"ImageObject","inLanguage":"fr-FR","@id":"https:\/\/www.yoolabox.com\/#\/schema\/logo\/image\/","url":"https:\/\/www.yoolabox.com\/wp-content\/uploads\/2019\/11\/cropped-Logo_web.jpg","contentUrl":"https:\/\/www.yoolabox.com\/wp-content\/uploads\/2019\/11\/cropped-Logo_web.jpg","width":300,"height":100,"caption":"Yoolabox.com"},"image":{"@id":"https:\/\/www.yoolabox.com\/#\/schema\/logo\/image\/"}}]}},"publishpress_future_action":{"enabled":false,"date":"2026-05-06 10:06:57","action":"change-status","newStatus":"draft","terms":[],"taxonomy":"product_cat","extraData":[]},"publishpress_future_workflow_manual_trigger":{"enabledWorkflows":[]},"_links":{"self":[{"href":"https:\/\/www.yoolabox.com\/index.php\/wp-json\/wp\/v2\/product\/143143","targetHints":{"allow":["GET"]}}],"collection":[{"href":"https:\/\/www.yoolabox.com\/index.php\/wp-json\/wp\/v2\/product"}],"about":[{"href":"https:\/\/www.yoolabox.com\/index.php\/wp-json\/wp\/v2\/types\/product"}],"author":[{"embeddable":true,"href":"https:\/\/www.yoolabox.com\/index.php\/wp-json\/wp\/v2\/users\/4259"}],"version-history":[{"count":0,"href":"https:\/\/www.yoolabox.com\/index.php\/wp-json\/wp\/v2\/product\/143143\/revisions"}],"wp:featuredmedia":[{"embeddable":true,"href":"https:\/\/www.yoolabox.com\/index.php\/wp-json\/wp\/v2\/media\/147341"}],"wp:attachment":[{"href":"https:\/\/www.yoolabox.com\/index.php\/wp-json\/wp\/v2\/media?parent=143143"}],"wp:term":[{"taxonomy":"product_brand","embeddable":true,"href":"https:\/\/www.yoolabox.com\/index.php\/wp-json\/wp\/v2\/product_brand?post=143143"},{"taxonomy":"product_cat","embeddable":true,"href":"https:\/\/www.yoolabox.com\/index.php\/wp-json\/wp\/v2\/product_cat?post=143143"},{"taxonomy":"product_tag","embeddable":true,"href":"https:\/\/www.yoolabox.com\/index.php\/wp-json\/wp\/v2\/product_tag?post=143143"}],"curies":[{"name":"wp","href":"https:\/\/api.w.org\/{rel}","templated":true}]}}