{"id":137656,"date":"2025-09-22T10:00:17","date_gmt":"2025-09-22T08:00:17","guid":{"rendered":"https:\/\/www.yoolabox.com\/?post_type=product&#038;p=137656"},"modified":"2026-03-21T06:33:56","modified_gmt":"2026-03-21T05:33:56","slug":"la-mano-1-9-mercredi-20-mai-2026-zenith-paris-la-villette","status":"publish","type":"product","link":"https:\/\/www.yoolabox.com\/index.php\/produit\/la-mano-1-9-mercredi-20-mai-2026-zenith-paris-la-villette\/","title":{"rendered":"LA MANO 1.9 &#8211; MERCREDI 20 MAI 2026 &#8211; Z\u00e9nith Paris &#8211; La Villette"},"content":{"rendered":"<h1>\u00a0LA MANO 1.9<\/h1>\n<h3><strong>Mercredi 20 mai 2026 &#8211; 20:00<\/strong><\/h3>\n<p><em><strong>Zenith Paris &#8211; La Villette<\/strong><\/em><\/p>\n<p>La Mano 1.9, rappeur parisien du 19\u00e8me, \u00e0 l\u2019\u00e9nergie imparable sur sc\u00e8ne, s\u2019est fait une place de choix sur la sc\u00e8ne du rap fran\u00e7ais !<\/p>\n<p>Couronn\u00e9 \u00ab R\u00e9v\u00e9lation masculine de l\u2019ann\u00e9e \u00bb aux Flammes 2025, invit\u00e9 par Colors et actuellement n\u00b01 en France avec \u00ab\u00a0Parisienne\u00a0\u00bb, La Mano 1.9 poursuit son ascension fulgurante.<\/p>\n<p>Sa Cigale en septembre 2025, sold out en quelques minutes n\u2019\u00e9tait que le d\u00e9but. L\u2019\u00e9toile montante du rap fran\u00e7ais vise plus grand : le Z\u00e9nith de Paris le 20 mai prochain.<\/p>\n<p>&nbsp;<\/p>\n<p>Ne manquez pas le s\u00e9isme La Mano 1.9 sur sc\u00e8ne\u00a0!<\/p>\n<p>&nbsp;<\/p>\n","protected":false},"excerpt":{"rendered":"<h1>\u00a0LA MANO 1.9<\/h1>\n<h3><strong>Mercredi 20 mai 2026 &#8211; 20:00<\/strong><\/h3>\n<p><em><strong>Zenith Paris &#8211; La Villette<\/strong><\/em><\/p>\n<p>La Mano 1.9, rappeur parisien du 19\u00e8me, \u00e0 l\u2019\u00e9nergie imparable sur sc\u00e8ne, s\u2019est fait une place de choix sur la sc\u00e8ne du rap fran\u00e7ais !<\/p>\n<p>Couronn\u00e9 \u00ab R\u00e9v\u00e9lation masculine de l\u2019ann\u00e9e \u00bb aux Flammes 2025, invit\u00e9 par Colors et actuellement n\u00b01 en France avec \u00ab\u00a0Parisienne\u00a0\u00bb, La Mano 1.9 poursuit son ascension fulgurante.<\/p>\n<p>Sa Cigale en septembre 2025, sold out en quelques minutes n\u2019\u00e9tait que le d\u00e9but. L\u2019\u00e9toile montante du rap fran\u00e7ais vise plus grand : le Z\u00e9nith de Paris le 20 mai prochain.<\/p>\n<p>&nbsp;<\/p>\n<p>Ne manquez pas le s\u00e9isme La Mano 1.9 sur sc\u00e8ne\u00a0!<\/p>\n<p>&nbsp;<\/p>\n","protected":false},"author":4259,"featured_media":137365,"template":"","meta":{"_acf_changed":false},"product_brand":[],"product_cat":[815,817,55,1314,818,160,1316,161,1132,2312,2311],"product_tag":[3491,2313],"class_list":{"0":"post-137656","1":"product","2":"type-product","3":"status-publish","4":"has-post-thumbnail","6":"product_cat-handicap","7":"product_cat-boucle-magnetique","8":"product_cat-concert","9":"product_cat-emplacement-adapte","10":"product_cat-fauteuil-roulant","11":"product_cat-ile-de-france","12":"product_cat-accessible-naturellement-malvoyant","13":"product_cat-region","14":"product_cat-salles","15":"product_cat-zenith-paris-salles","16":"product_cat-zenith-paris","17":"product_tag-la-mano-1-9","18":"product_tag-zenith-paris","19":"pa_categorie-accompagnateur-pmr-fauteuil-gradin-porte-c","20":"pa_categorie-accompagnateur-pmr-fauteuil-gradin-porte-d","21":"pa_categorie-accompagnateur-pmr-fauteuil-gradin-porte-e","22":"pa_categorie-accompagnateur-pmr-fauteuil-gradin-porte-f","23":"pa_categorie-accompagnateur-psh-marchant-gradin-porte-g","24":"pa_categorie-pmr-fauteuil-gradin-porte-c","25":"pa_categorie-pmr-fauteuil-gradin-porte-d","26":"pa_categorie-pmr-fauteuil-gradin-porte-e","27":"pa_categorie-pmr-fauteuil-gradin-porte-f","28":"pa_categorie-psh-marchant-gradin-porte-g","29":"badges-style-3","31":"first","32":"instock","33":"shipping-taxable","34":"purchasable","35":"product-type-variable"},"acf":[],"yoast_head":"<!-- This site is optimized with the Yoast SEO plugin v27.2 - https:\/\/yoast.com\/product\/yoast-seo-wordpress\/ -->\n<title>LA MANO 1.9 - MERCREDI 20 MAI 2026 - Z\u00e9nith Paris - La Villette - Yoolabox.com<\/title>\n<meta name=\"robots\" content=\"index, follow, max-snippet:-1, max-image-preview:large, max-video-preview:-1\" \/>\n<link rel=\"canonical\" href=\"https:\/\/www.yoolabox.com\/index.php\/produit\/la-mano-1-9-mercredi-20-mai-2026-zenith-paris-la-villette\/\" \/>\n<meta name=\"twitter:card\" content=\"summary_large_image\" \/>\n<meta name=\"twitter:title\" content=\"LA MANO 1.9 - MERCREDI 20 MAI 2026 - Z\u00e9nith Paris - La Villette - Yoolabox.com\" \/>\n<meta name=\"twitter:description\" content=\"\u00a0LA MANO 1.9 Mercredi 20 mai 2026 - 20:00 Zenith Paris - La Villette  La Mano 1.9, rappeur parisien du 19\u00e8me, \u00e0 l\u2019\u00e9nergie imparable sur sc\u00e8ne, s\u2019est fait une place de choix sur la sc\u00e8ne du rap fran\u00e7ais !  Couronn\u00e9 \u00ab R\u00e9v\u00e9lation masculine de l\u2019ann\u00e9e \u00bb aux Flammes 2025, invit\u00e9 par Colors et actuellement n\u00b01 en France avec \u00ab\u00a0Parisienne\u00a0\u00bb, La Mano 1.9 poursuit son ascension fulgurante.  Sa Cigale en septembre 2025, sold out en quelques minutes n\u2019\u00e9tait que le d\u00e9but. L\u2019\u00e9toile montante du rap fran\u00e7ais vise plus grand : le Z\u00e9nith de Paris le 20 mai prochain.  &nbsp;  Ne manquez pas le s\u00e9isme La Mano 1.9 sur sc\u00e8ne\u00a0!  &nbsp;\" \/>\n<meta name=\"twitter:image\" content=\"https:\/\/www.yoolabox.com\/wp-content\/uploads\/2025\/09\/la-mano-1.9.png\" \/>\n<meta name=\"twitter:label1\" content=\"Dur\u00e9e de lecture estim\u00e9e\" \/>\n\t<meta name=\"twitter:data1\" content=\"1 minute\" \/>\n<script type=\"application\/ld+json\" class=\"yoast-schema-graph\">{\"@context\":\"https:\/\/schema.org\",\"@graph\":[{\"@type\":\"WebPage\",\"@id\":\"https:\/\/www.yoolabox.com\/index.php\/produit\/la-mano-1-9-mercredi-20-mai-2026-zenith-paris-la-villette\/\",\"url\":\"https:\/\/www.yoolabox.com\/index.php\/produit\/la-mano-1-9-mercredi-20-mai-2026-zenith-paris-la-villette\/\",\"name\":\"LA MANO 1.9 - MERCREDI 20 MAI 2026 - Z\u00e9nith Paris - La Villette - Yoolabox.com\",\"isPartOf\":{\"@id\":\"https:\/\/www.yoolabox.com\/#website\"},\"primaryImageOfPage\":{\"@id\":\"https:\/\/www.yoolabox.com\/index.php\/produit\/la-mano-1-9-mercredi-20-mai-2026-zenith-paris-la-villette\/#primaryimage\"},\"image\":{\"@id\":\"https:\/\/www.yoolabox.com\/index.php\/produit\/la-mano-1-9-mercredi-20-mai-2026-zenith-paris-la-villette\/#primaryimage\"},\"thumbnailUrl\":\"https:\/\/www.yoolabox.com\/wp-content\/uploads\/2025\/09\/la-mano-1.9.png\",\"datePublished\":\"2025-09-22T08:00:17+00:00\",\"dateModified\":\"2026-03-21T05:33:56+00:00\",\"breadcrumb\":{\"@id\":\"https:\/\/www.yoolabox.com\/index.php\/produit\/la-mano-1-9-mercredi-20-mai-2026-zenith-paris-la-villette\/#breadcrumb\"},\"inLanguage\":\"fr-FR\",\"potentialAction\":[{\"@type\":\"ReadAction\",\"target\":[\"https:\/\/www.yoolabox.com\/index.php\/produit\/la-mano-1-9-mercredi-20-mai-2026-zenith-paris-la-villette\/\"]}]},{\"@type\":\"ImageObject\",\"inLanguage\":\"fr-FR\",\"@id\":\"https:\/\/www.yoolabox.com\/index.php\/produit\/la-mano-1-9-mercredi-20-mai-2026-zenith-paris-la-villette\/#primaryimage\",\"url\":\"https:\/\/www.yoolabox.com\/wp-content\/uploads\/2025\/09\/la-mano-1.9.png\",\"contentUrl\":\"https:\/\/www.yoolabox.com\/wp-content\/uploads\/2025\/09\/la-mano-1.9.png\",\"width\":600,\"height\":738},{\"@type\":\"BreadcrumbList\",\"@id\":\"https:\/\/www.yoolabox.com\/index.php\/produit\/la-mano-1-9-mercredi-20-mai-2026-zenith-paris-la-villette\/#breadcrumb\",\"itemListElement\":[{\"@type\":\"ListItem\",\"position\":1,\"name\":\"Home\",\"item\":\"https:\/\/www.yoolabox.com\/\"},{\"@type\":\"ListItem\",\"position\":2,\"name\":\"Shop\",\"item\":\"https:\/\/www.yoolabox.com\/index.php\/shop\/\"},{\"@type\":\"ListItem\",\"position\":3,\"name\":\"LA MANO 1.9 &#8211; MERCREDI 20 MAI 2026 &#8211; Z\u00e9nith Paris &#8211; La Villette\"}]},{\"@type\":\"WebSite\",\"@id\":\"https:\/\/www.yoolabox.com\/#website\",\"url\":\"https:\/\/www.yoolabox.com\/\",\"name\":\"Yoolabox.com\",\"description\":\"La billetterie accessible \u00e0 tous\",\"publisher\":{\"@id\":\"https:\/\/www.yoolabox.com\/#organization\"},\"potentialAction\":[{\"@type\":\"SearchAction\",\"target\":{\"@type\":\"EntryPoint\",\"urlTemplate\":\"https:\/\/www.yoolabox.com\/?s={search_term_string}\"},\"query-input\":{\"@type\":\"PropertyValueSpecification\",\"valueRequired\":true,\"valueName\":\"search_term_string\"}}],\"inLanguage\":\"fr-FR\"},{\"@type\":\"Organization\",\"@id\":\"https:\/\/www.yoolabox.com\/#organization\",\"name\":\"Yoolabox.com\",\"url\":\"https:\/\/www.yoolabox.com\/\",\"logo\":{\"@type\":\"ImageObject\",\"inLanguage\":\"fr-FR\",\"@id\":\"https:\/\/www.yoolabox.com\/#\/schema\/logo\/image\/\",\"url\":\"https:\/\/www.yoolabox.com\/wp-content\/uploads\/2019\/11\/cropped-Logo_web.jpg\",\"contentUrl\":\"https:\/\/www.yoolabox.com\/wp-content\/uploads\/2019\/11\/cropped-Logo_web.jpg\",\"width\":300,\"height\":100,\"caption\":\"Yoolabox.com\"},\"image\":{\"@id\":\"https:\/\/www.yoolabox.com\/#\/schema\/logo\/image\/\"}}]}<\/script>\n<!-- \/ Yoast SEO plugin. -->","yoast_head_json":{"title":"LA MANO 1.9 - MERCREDI 20 MAI 2026 - Z\u00e9nith Paris - La Villette - Yoolabox.com","robots":{"index":"index","follow":"follow","max-snippet":"max-snippet:-1","max-image-preview":"max-image-preview:large","max-video-preview":"max-video-preview:-1"},"canonical":"https:\/\/www.yoolabox.com\/index.php\/produit\/la-mano-1-9-mercredi-20-mai-2026-zenith-paris-la-villette\/","twitter_card":"summary_large_image","twitter_title":"LA MANO 1.9 - MERCREDI 20 MAI 2026 - Z\u00e9nith Paris - La Villette - Yoolabox.com","twitter_description":"\u00a0LA MANO 1.9 Mercredi 20 mai 2026 - 20:00 Zenith Paris - La Villette  La Mano 1.9, rappeur parisien du 19\u00e8me, \u00e0 l\u2019\u00e9nergie imparable sur sc\u00e8ne, s\u2019est fait une place de choix sur la sc\u00e8ne du rap fran\u00e7ais !  Couronn\u00e9 \u00ab R\u00e9v\u00e9lation masculine de l\u2019ann\u00e9e \u00bb aux Flammes 2025, invit\u00e9 par Colors et actuellement n\u00b01 en France avec \u00ab\u00a0Parisienne\u00a0\u00bb, La Mano 1.9 poursuit son ascension fulgurante.  Sa Cigale en septembre 2025, sold out en quelques minutes n\u2019\u00e9tait que le d\u00e9but. L\u2019\u00e9toile montante du rap fran\u00e7ais vise plus grand : le Z\u00e9nith de Paris le 20 mai prochain.  &nbsp;  Ne manquez pas le s\u00e9isme La Mano 1.9 sur sc\u00e8ne\u00a0!  &nbsp;","twitter_image":"https:\/\/www.yoolabox.com\/wp-content\/uploads\/2025\/09\/la-mano-1.9.png","twitter_misc":{"Dur\u00e9e de lecture estim\u00e9e":"1 minute"},"schema":{"@context":"https:\/\/schema.org","@graph":[{"@type":"WebPage","@id":"https:\/\/www.yoolabox.com\/index.php\/produit\/la-mano-1-9-mercredi-20-mai-2026-zenith-paris-la-villette\/","url":"https:\/\/www.yoolabox.com\/index.php\/produit\/la-mano-1-9-mercredi-20-mai-2026-zenith-paris-la-villette\/","name":"LA MANO 1.9 - MERCREDI 20 MAI 2026 - Z\u00e9nith Paris - La Villette - Yoolabox.com","isPartOf":{"@id":"https:\/\/www.yoolabox.com\/#website"},"primaryImageOfPage":{"@id":"https:\/\/www.yoolabox.com\/index.php\/produit\/la-mano-1-9-mercredi-20-mai-2026-zenith-paris-la-villette\/#primaryimage"},"image":{"@id":"https:\/\/www.yoolabox.com\/index.php\/produit\/la-mano-1-9-mercredi-20-mai-2026-zenith-paris-la-villette\/#primaryimage"},"thumbnailUrl":"https:\/\/www.yoolabox.com\/wp-content\/uploads\/2025\/09\/la-mano-1.9.png","datePublished":"2025-09-22T08:00:17+00:00","dateModified":"2026-03-21T05:33:56+00:00","breadcrumb":{"@id":"https:\/\/www.yoolabox.com\/index.php\/produit\/la-mano-1-9-mercredi-20-mai-2026-zenith-paris-la-villette\/#breadcrumb"},"inLanguage":"fr-FR","potentialAction":[{"@type":"ReadAction","target":["https:\/\/www.yoolabox.com\/index.php\/produit\/la-mano-1-9-mercredi-20-mai-2026-zenith-paris-la-villette\/"]}]},{"@type":"ImageObject","inLanguage":"fr-FR","@id":"https:\/\/www.yoolabox.com\/index.php\/produit\/la-mano-1-9-mercredi-20-mai-2026-zenith-paris-la-villette\/#primaryimage","url":"https:\/\/www.yoolabox.com\/wp-content\/uploads\/2025\/09\/la-mano-1.9.png","contentUrl":"https:\/\/www.yoolabox.com\/wp-content\/uploads\/2025\/09\/la-mano-1.9.png","width":600,"height":738},{"@type":"BreadcrumbList","@id":"https:\/\/www.yoolabox.com\/index.php\/produit\/la-mano-1-9-mercredi-20-mai-2026-zenith-paris-la-villette\/#breadcrumb","itemListElement":[{"@type":"ListItem","position":1,"name":"Home","item":"https:\/\/www.yoolabox.com\/"},{"@type":"ListItem","position":2,"name":"Shop","item":"https:\/\/www.yoolabox.com\/index.php\/shop\/"},{"@type":"ListItem","position":3,"name":"LA MANO 1.9 &#8211; MERCREDI 20 MAI 2026 &#8211; Z\u00e9nith Paris &#8211; La Villette"}]},{"@type":"WebSite","@id":"https:\/\/www.yoolabox.com\/#website","url":"https:\/\/www.yoolabox.com\/","name":"Yoolabox.com","description":"La billetterie accessible \u00e0 tous","publisher":{"@id":"https:\/\/www.yoolabox.com\/#organization"},"potentialAction":[{"@type":"SearchAction","target":{"@type":"EntryPoint","urlTemplate":"https:\/\/www.yoolabox.com\/?s={search_term_string}"},"query-input":{"@type":"PropertyValueSpecification","valueRequired":true,"valueName":"search_term_string"}}],"inLanguage":"fr-FR"},{"@type":"Organization","@id":"https:\/\/www.yoolabox.com\/#organization","name":"Yoolabox.com","url":"https:\/\/www.yoolabox.com\/","logo":{"@type":"ImageObject","inLanguage":"fr-FR","@id":"https:\/\/www.yoolabox.com\/#\/schema\/logo\/image\/","url":"https:\/\/www.yoolabox.com\/wp-content\/uploads\/2019\/11\/cropped-Logo_web.jpg","contentUrl":"https:\/\/www.yoolabox.com\/wp-content\/uploads\/2019\/11\/cropped-Logo_web.jpg","width":300,"height":100,"caption":"Yoolabox.com"},"image":{"@id":"https:\/\/www.yoolabox.com\/#\/schema\/logo\/image\/"}}]}},"publishpress_future_action":{"enabled":true,"date":"2026-05-11 07:31:00","action":"change-status","newStatus":"draft","terms":[0],"taxonomy":"product_cat","extraData":[]},"publishpress_future_workflow_manual_trigger":{"enabledWorkflows":[]},"_links":{"self":[{"href":"https:\/\/www.yoolabox.com\/index.php\/wp-json\/wp\/v2\/product\/137656","targetHints":{"allow":["GET"]}}],"collection":[{"href":"https:\/\/www.yoolabox.com\/index.php\/wp-json\/wp\/v2\/product"}],"about":[{"href":"https:\/\/www.yoolabox.com\/index.php\/wp-json\/wp\/v2\/types\/product"}],"author":[{"embeddable":true,"href":"https:\/\/www.yoolabox.com\/index.php\/wp-json\/wp\/v2\/users\/4259"}],"version-history":[{"count":1,"href":"https:\/\/www.yoolabox.com\/index.php\/wp-json\/wp\/v2\/product\/137656\/revisions"}],"predecessor-version":[{"id":147434,"href":"https:\/\/www.yoolabox.com\/index.php\/wp-json\/wp\/v2\/product\/137656\/revisions\/147434"}],"wp:featuredmedia":[{"embeddable":true,"href":"https:\/\/www.yoolabox.com\/index.php\/wp-json\/wp\/v2\/media\/137365"}],"wp:attachment":[{"href":"https:\/\/www.yoolabox.com\/index.php\/wp-json\/wp\/v2\/media?parent=137656"}],"wp:term":[{"taxonomy":"product_brand","embeddable":true,"href":"https:\/\/www.yoolabox.com\/index.php\/wp-json\/wp\/v2\/product_brand?post=137656"},{"taxonomy":"product_cat","embeddable":true,"href":"https:\/\/www.yoolabox.com\/index.php\/wp-json\/wp\/v2\/product_cat?post=137656"},{"taxonomy":"product_tag","embeddable":true,"href":"https:\/\/www.yoolabox.com\/index.php\/wp-json\/wp\/v2\/product_tag?post=137656"}],"curies":[{"name":"wp","href":"https:\/\/api.w.org\/{rel}","templated":true}]}}