{"id":131302,"date":"2025-05-20T10:00:56","date_gmt":"2025-05-20T08:00:56","guid":{"rendered":"https:\/\/www.yoolabox.com\/?post_type=product&#038;p=131302"},"modified":"2026-04-22T09:35:42","modified_gmt":"2026-04-22T07:35:42","slug":"lej-vendredi-29-mai-2026-zenith-paris-la-villette","status":"publish","type":"product","link":"https:\/\/www.yoolabox.com\/index.php\/produit\/lej-vendredi-29-mai-2026-zenith-paris-la-villette\/","title":{"rendered":"L.E.J. &#8211; VENDREDI 29 MAI 2026 &#8211; Z\u00e9nith Paris La Villette"},"content":{"rendered":"<h1>L.E.J.<\/h1>\n<h3><strong>Vendredi 29 mai 2026 &#8211; 20:00<\/strong><\/h3>\n<p><em><strong>PARIS &#8211; Z\u00e9nith la Villette\u00a0<\/strong><\/em><\/p>\n<p>Amies d\u2019enfance passionn\u00e9es de musique, Lucie, Elisa et Juliette ont, depuis 2015, encha\u00een\u00e9 les tourn\u00e9es \u00e0 guichets ferm\u00e9s, rafl\u00e9 une Victoire de la Musique (R\u00e9v\u00e9lation Sc\u00e8ne) en 2017, rempli 6 Olympia, et marqu\u00e9 les esprits avec leurs harmonies vocales, leur violoncelle et leur complicit\u00e9 unique.<\/p>\n<p>Apr\u00e8s 10 ans \u00e0 repousser les limites entre musique classique, pop, rap et \u00e9lectro, les L.E.J ont d\u00e9cid\u00e9 de marquer le coup avec un concert unique au Z\u00e9nith Paris &#8211; La Villette.<\/p>\n<p>Pr\u00e9parez-vous \u00e0 un \u00e9v\u00e9nement \u00e0 leur image : puissant, g\u00e9n\u00e9reux, et un peu barr\u00e9\u2026 mais toujours d\u2019une pr\u00e9cision redoutable !<\/p>\n<p>Le Z\u00e9nith, c\u2019est la suite logique. C\u2019est l\u2019heure. Soyez-l\u00e0.<\/p>\n<p>&nbsp;<\/p>\n","protected":false},"excerpt":{"rendered":"<h1>L.E.J.<\/h1>\n<h3><strong>Vendredi 29 mai 2026 &#8211; 20:00<\/strong><\/h3>\n<p><em><strong>PARIS &#8211; Z\u00e9nith la Villette\u00a0<\/strong><\/em><\/p>\n<p>Amies d\u2019enfance passionn\u00e9es de musique, Lucie, Elisa et Juliette ont, depuis 2015, encha\u00een\u00e9 les tourn\u00e9es \u00e0 guichets ferm\u00e9s, rafl\u00e9 une Victoire de la Musique (R\u00e9v\u00e9lation Sc\u00e8ne) en 2017, rempli 6 Olympia, et marqu\u00e9 les esprits avec leurs harmonies vocales, leur violoncelle et leur complicit\u00e9 unique.<\/p>\n<p>Apr\u00e8s 10 ans \u00e0 repousser les limites entre musique classique, pop, rap et \u00e9lectro, les L.E.J ont d\u00e9cid\u00e9 de marquer le coup avec un concert unique au Z\u00e9nith Paris &#8211; La Villette.<\/p>\n<p>Pr\u00e9parez-vous \u00e0 un \u00e9v\u00e9nement \u00e0 leur image : puissant, g\u00e9n\u00e9reux, et un peu barr\u00e9\u2026 mais toujours d\u2019une pr\u00e9cision redoutable !<\/p>\n<p>Le Z\u00e9nith, c\u2019est la suite logique. C\u2019est l\u2019heure. Soyez-l\u00e0.<\/p>\n<p>&nbsp;<\/p>\n","protected":false},"author":4259,"featured_media":131982,"template":"","meta":{"_acf_changed":false},"product_brand":[],"product_cat":[815,817,55,1314,818,160,1316,161,1132,2311,2312],"product_tag":[3436,2313],"class_list":{"0":"post-131302","1":"product","2":"type-product","3":"status-publish","4":"has-post-thumbnail","6":"product_cat-handicap","7":"product_cat-boucle-magnetique","8":"product_cat-concert","9":"product_cat-emplacement-adapte","10":"product_cat-fauteuil-roulant","11":"product_cat-ile-de-france","12":"product_cat-accessible-naturellement-malvoyant","13":"product_cat-region","14":"product_cat-salles","15":"product_cat-zenith-paris","16":"product_cat-zenith-paris-salles","17":"product_tag-lej","18":"product_tag-zenith-paris","19":"pa_categorie-accompagnateur-pmr-fauteuil-gradin-porte-c","20":"pa_categorie-accompagnateur-pmr-fauteuil-gradin-porte-d","21":"pa_categorie-accompagnateur-pmr-fauteuil-gradin-porte-e","22":"pa_categorie-accompagnateur-pmr-fauteuil-gradin-porte-f","23":"pa_categorie-accompagnateur-psh-marchant-gradin-porte-g","24":"pa_categorie-pmr-fauteuil-gradin-porte-c","25":"pa_categorie-pmr-fauteuil-gradin-porte-d","26":"pa_categorie-pmr-fauteuil-gradin-porte-e","27":"pa_categorie-pmr-fauteuil-gradin-porte-f","28":"pa_categorie-psh-marchant-gradin-porte-g","29":"product-custom-label-billetterie-officielle","30":"product-custom-label-ebillet","31":"product-custom-label-emplacement-fauteuil","32":"product-custom-label-handicap-mental","33":"product-custom-label-mal-voyant","34":"product-custom-label-surdite","35":"badges-style-3","37":"first","38":"instock","39":"shipping-taxable","40":"purchasable","41":"product-type-variable"},"acf":[],"yoast_head":"<!-- This site is optimized with the Yoast SEO plugin v27.2 - https:\/\/yoast.com\/product\/yoast-seo-wordpress\/ -->\n<title>L.E.J. - VENDREDI 29 MAI 2026 - Z\u00e9nith Paris La Villette - Yoolabox.com<\/title>\n<meta name=\"robots\" content=\"index, follow, max-snippet:-1, max-image-preview:large, max-video-preview:-1\" \/>\n<link rel=\"canonical\" href=\"https:\/\/www.yoolabox.com\/index.php\/produit\/lej-vendredi-29-mai-2026-zenith-paris-la-villette\/\" \/>\n<meta name=\"twitter:card\" content=\"summary_large_image\" \/>\n<meta name=\"twitter:title\" content=\"L.E.J. - VENDREDI 29 MAI 2026 - Z\u00e9nith Paris La Villette - Yoolabox.com\" \/>\n<meta name=\"twitter:description\" content=\"L.E.J. Vendredi 29 mai 2026 - 20:00 PARIS - Z\u00e9nith la Villette\u00a0  Amies d\u2019enfance passionn\u00e9es de musique, Lucie, Elisa et Juliette ont, depuis 2015, encha\u00een\u00e9 les tourn\u00e9es \u00e0 guichets ferm\u00e9s, rafl\u00e9 une Victoire de la Musique (R\u00e9v\u00e9lation Sc\u00e8ne) en 2017, rempli 6 Olympia, et marqu\u00e9 les esprits avec leurs harmonies vocales, leur violoncelle et leur complicit\u00e9 unique.  Apr\u00e8s 10 ans \u00e0 repousser les limites entre musique classique, pop, rap et \u00e9lectro, les L.E.J ont d\u00e9cid\u00e9 de marquer le coup avec un concert unique au Z\u00e9nith Paris - La Villette.  Pr\u00e9parez-vous \u00e0 un \u00e9v\u00e9nement \u00e0 leur image : puissant, g\u00e9n\u00e9reux, et un peu barr\u00e9\u2026 mais toujours d\u2019une pr\u00e9cision redoutable !  Le Z\u00e9nith, c\u2019est la suite logique. C\u2019est l\u2019heure. Soyez-l\u00e0.  &nbsp;\" \/>\n<meta name=\"twitter:image\" content=\"https:\/\/www.yoolabox.com\/wp-content\/uploads\/2025\/04\/YBX-LEJ-.png\" \/>\n<meta name=\"twitter:label1\" content=\"Dur\u00e9e de lecture estim\u00e9e\" \/>\n\t<meta name=\"twitter:data1\" content=\"1 minute\" \/>\n<script type=\"application\/ld+json\" class=\"yoast-schema-graph\">{\"@context\":\"https:\/\/schema.org\",\"@graph\":[{\"@type\":\"WebPage\",\"@id\":\"https:\/\/www.yoolabox.com\/index.php\/produit\/lej-vendredi-29-mai-2026-zenith-paris-la-villette\/\",\"url\":\"https:\/\/www.yoolabox.com\/index.php\/produit\/lej-vendredi-29-mai-2026-zenith-paris-la-villette\/\",\"name\":\"L.E.J. - VENDREDI 29 MAI 2026 - Z\u00e9nith Paris La Villette - Yoolabox.com\",\"isPartOf\":{\"@id\":\"https:\/\/www.yoolabox.com\/#website\"},\"primaryImageOfPage\":{\"@id\":\"https:\/\/www.yoolabox.com\/index.php\/produit\/lej-vendredi-29-mai-2026-zenith-paris-la-villette\/#primaryimage\"},\"image\":{\"@id\":\"https:\/\/www.yoolabox.com\/index.php\/produit\/lej-vendredi-29-mai-2026-zenith-paris-la-villette\/#primaryimage\"},\"thumbnailUrl\":\"https:\/\/www.yoolabox.com\/wp-content\/uploads\/2025\/04\/YBX-LEJ-.png\",\"datePublished\":\"2025-05-20T08:00:56+00:00\",\"dateModified\":\"2026-04-22T07:35:42+00:00\",\"breadcrumb\":{\"@id\":\"https:\/\/www.yoolabox.com\/index.php\/produit\/lej-vendredi-29-mai-2026-zenith-paris-la-villette\/#breadcrumb\"},\"inLanguage\":\"fr-FR\",\"potentialAction\":[{\"@type\":\"ReadAction\",\"target\":[\"https:\/\/www.yoolabox.com\/index.php\/produit\/lej-vendredi-29-mai-2026-zenith-paris-la-villette\/\"]}]},{\"@type\":\"ImageObject\",\"inLanguage\":\"fr-FR\",\"@id\":\"https:\/\/www.yoolabox.com\/index.php\/produit\/lej-vendredi-29-mai-2026-zenith-paris-la-villette\/#primaryimage\",\"url\":\"https:\/\/www.yoolabox.com\/wp-content\/uploads\/2025\/04\/YBX-LEJ-.png\",\"contentUrl\":\"https:\/\/www.yoolabox.com\/wp-content\/uploads\/2025\/04\/YBX-LEJ-.png\",\"width\":600,\"height\":738},{\"@type\":\"BreadcrumbList\",\"@id\":\"https:\/\/www.yoolabox.com\/index.php\/produit\/lej-vendredi-29-mai-2026-zenith-paris-la-villette\/#breadcrumb\",\"itemListElement\":[{\"@type\":\"ListItem\",\"position\":1,\"name\":\"Home\",\"item\":\"https:\/\/www.yoolabox.com\/\"},{\"@type\":\"ListItem\",\"position\":2,\"name\":\"Shop\",\"item\":\"https:\/\/www.yoolabox.com\/index.php\/shop\/\"},{\"@type\":\"ListItem\",\"position\":3,\"name\":\"L.E.J. &#8211; VENDREDI 29 MAI 2026 &#8211; Z\u00e9nith Paris La Villette\"}]},{\"@type\":\"WebSite\",\"@id\":\"https:\/\/www.yoolabox.com\/#website\",\"url\":\"https:\/\/www.yoolabox.com\/\",\"name\":\"Yoolabox.com\",\"description\":\"La billetterie accessible \u00e0 tous\",\"publisher\":{\"@id\":\"https:\/\/www.yoolabox.com\/#organization\"},\"potentialAction\":[{\"@type\":\"SearchAction\",\"target\":{\"@type\":\"EntryPoint\",\"urlTemplate\":\"https:\/\/www.yoolabox.com\/?s={search_term_string}\"},\"query-input\":{\"@type\":\"PropertyValueSpecification\",\"valueRequired\":true,\"valueName\":\"search_term_string\"}}],\"inLanguage\":\"fr-FR\"},{\"@type\":\"Organization\",\"@id\":\"https:\/\/www.yoolabox.com\/#organization\",\"name\":\"Yoolabox.com\",\"url\":\"https:\/\/www.yoolabox.com\/\",\"logo\":{\"@type\":\"ImageObject\",\"inLanguage\":\"fr-FR\",\"@id\":\"https:\/\/www.yoolabox.com\/#\/schema\/logo\/image\/\",\"url\":\"https:\/\/www.yoolabox.com\/wp-content\/uploads\/2019\/11\/cropped-Logo_web.jpg\",\"contentUrl\":\"https:\/\/www.yoolabox.com\/wp-content\/uploads\/2019\/11\/cropped-Logo_web.jpg\",\"width\":300,\"height\":100,\"caption\":\"Yoolabox.com\"},\"image\":{\"@id\":\"https:\/\/www.yoolabox.com\/#\/schema\/logo\/image\/\"}}]}<\/script>\n<!-- \/ Yoast SEO plugin. -->","yoast_head_json":{"title":"L.E.J. - VENDREDI 29 MAI 2026 - Z\u00e9nith Paris La Villette - Yoolabox.com","robots":{"index":"index","follow":"follow","max-snippet":"max-snippet:-1","max-image-preview":"max-image-preview:large","max-video-preview":"max-video-preview:-1"},"canonical":"https:\/\/www.yoolabox.com\/index.php\/produit\/lej-vendredi-29-mai-2026-zenith-paris-la-villette\/","twitter_card":"summary_large_image","twitter_title":"L.E.J. - VENDREDI 29 MAI 2026 - Z\u00e9nith Paris La Villette - Yoolabox.com","twitter_description":"L.E.J. Vendredi 29 mai 2026 - 20:00 PARIS - Z\u00e9nith la Villette\u00a0  Amies d\u2019enfance passionn\u00e9es de musique, Lucie, Elisa et Juliette ont, depuis 2015, encha\u00een\u00e9 les tourn\u00e9es \u00e0 guichets ferm\u00e9s, rafl\u00e9 une Victoire de la Musique (R\u00e9v\u00e9lation Sc\u00e8ne) en 2017, rempli 6 Olympia, et marqu\u00e9 les esprits avec leurs harmonies vocales, leur violoncelle et leur complicit\u00e9 unique.  Apr\u00e8s 10 ans \u00e0 repousser les limites entre musique classique, pop, rap et \u00e9lectro, les L.E.J ont d\u00e9cid\u00e9 de marquer le coup avec un concert unique au Z\u00e9nith Paris - La Villette.  Pr\u00e9parez-vous \u00e0 un \u00e9v\u00e9nement \u00e0 leur image : puissant, g\u00e9n\u00e9reux, et un peu barr\u00e9\u2026 mais toujours d\u2019une pr\u00e9cision redoutable !  Le Z\u00e9nith, c\u2019est la suite logique. C\u2019est l\u2019heure. Soyez-l\u00e0.  &nbsp;","twitter_image":"https:\/\/www.yoolabox.com\/wp-content\/uploads\/2025\/04\/YBX-LEJ-.png","twitter_misc":{"Dur\u00e9e de lecture estim\u00e9e":"1 minute"},"schema":{"@context":"https:\/\/schema.org","@graph":[{"@type":"WebPage","@id":"https:\/\/www.yoolabox.com\/index.php\/produit\/lej-vendredi-29-mai-2026-zenith-paris-la-villette\/","url":"https:\/\/www.yoolabox.com\/index.php\/produit\/lej-vendredi-29-mai-2026-zenith-paris-la-villette\/","name":"L.E.J. - VENDREDI 29 MAI 2026 - Z\u00e9nith Paris La Villette - Yoolabox.com","isPartOf":{"@id":"https:\/\/www.yoolabox.com\/#website"},"primaryImageOfPage":{"@id":"https:\/\/www.yoolabox.com\/index.php\/produit\/lej-vendredi-29-mai-2026-zenith-paris-la-villette\/#primaryimage"},"image":{"@id":"https:\/\/www.yoolabox.com\/index.php\/produit\/lej-vendredi-29-mai-2026-zenith-paris-la-villette\/#primaryimage"},"thumbnailUrl":"https:\/\/www.yoolabox.com\/wp-content\/uploads\/2025\/04\/YBX-LEJ-.png","datePublished":"2025-05-20T08:00:56+00:00","dateModified":"2026-04-22T07:35:42+00:00","breadcrumb":{"@id":"https:\/\/www.yoolabox.com\/index.php\/produit\/lej-vendredi-29-mai-2026-zenith-paris-la-villette\/#breadcrumb"},"inLanguage":"fr-FR","potentialAction":[{"@type":"ReadAction","target":["https:\/\/www.yoolabox.com\/index.php\/produit\/lej-vendredi-29-mai-2026-zenith-paris-la-villette\/"]}]},{"@type":"ImageObject","inLanguage":"fr-FR","@id":"https:\/\/www.yoolabox.com\/index.php\/produit\/lej-vendredi-29-mai-2026-zenith-paris-la-villette\/#primaryimage","url":"https:\/\/www.yoolabox.com\/wp-content\/uploads\/2025\/04\/YBX-LEJ-.png","contentUrl":"https:\/\/www.yoolabox.com\/wp-content\/uploads\/2025\/04\/YBX-LEJ-.png","width":600,"height":738},{"@type":"BreadcrumbList","@id":"https:\/\/www.yoolabox.com\/index.php\/produit\/lej-vendredi-29-mai-2026-zenith-paris-la-villette\/#breadcrumb","itemListElement":[{"@type":"ListItem","position":1,"name":"Home","item":"https:\/\/www.yoolabox.com\/"},{"@type":"ListItem","position":2,"name":"Shop","item":"https:\/\/www.yoolabox.com\/index.php\/shop\/"},{"@type":"ListItem","position":3,"name":"L.E.J. &#8211; VENDREDI 29 MAI 2026 &#8211; Z\u00e9nith Paris La Villette"}]},{"@type":"WebSite","@id":"https:\/\/www.yoolabox.com\/#website","url":"https:\/\/www.yoolabox.com\/","name":"Yoolabox.com","description":"La billetterie accessible \u00e0 tous","publisher":{"@id":"https:\/\/www.yoolabox.com\/#organization"},"potentialAction":[{"@type":"SearchAction","target":{"@type":"EntryPoint","urlTemplate":"https:\/\/www.yoolabox.com\/?s={search_term_string}"},"query-input":{"@type":"PropertyValueSpecification","valueRequired":true,"valueName":"search_term_string"}}],"inLanguage":"fr-FR"},{"@type":"Organization","@id":"https:\/\/www.yoolabox.com\/#organization","name":"Yoolabox.com","url":"https:\/\/www.yoolabox.com\/","logo":{"@type":"ImageObject","inLanguage":"fr-FR","@id":"https:\/\/www.yoolabox.com\/#\/schema\/logo\/image\/","url":"https:\/\/www.yoolabox.com\/wp-content\/uploads\/2019\/11\/cropped-Logo_web.jpg","contentUrl":"https:\/\/www.yoolabox.com\/wp-content\/uploads\/2019\/11\/cropped-Logo_web.jpg","width":300,"height":100,"caption":"Yoolabox.com"},"image":{"@id":"https:\/\/www.yoolabox.com\/#\/schema\/logo\/image\/"}}]}},"publishpress_future_action":{"enabled":true,"date":"2026-05-14 07:51:00","action":"change-status","newStatus":"draft","terms":[0],"taxonomy":"product_cat","extraData":[]},"publishpress_future_workflow_manual_trigger":{"enabledWorkflows":[]},"_links":{"self":[{"href":"https:\/\/www.yoolabox.com\/index.php\/wp-json\/wp\/v2\/product\/131302","targetHints":{"allow":["GET"]}}],"collection":[{"href":"https:\/\/www.yoolabox.com\/index.php\/wp-json\/wp\/v2\/product"}],"about":[{"href":"https:\/\/www.yoolabox.com\/index.php\/wp-json\/wp\/v2\/types\/product"}],"author":[{"embeddable":true,"href":"https:\/\/www.yoolabox.com\/index.php\/wp-json\/wp\/v2\/users\/4259"}],"version-history":[{"count":1,"href":"https:\/\/www.yoolabox.com\/index.php\/wp-json\/wp\/v2\/product\/131302\/revisions"}],"predecessor-version":[{"id":147455,"href":"https:\/\/www.yoolabox.com\/index.php\/wp-json\/wp\/v2\/product\/131302\/revisions\/147455"}],"wp:featuredmedia":[{"embeddable":true,"href":"https:\/\/www.yoolabox.com\/index.php\/wp-json\/wp\/v2\/media\/131982"}],"wp:attachment":[{"href":"https:\/\/www.yoolabox.com\/index.php\/wp-json\/wp\/v2\/media?parent=131302"}],"wp:term":[{"taxonomy":"product_brand","embeddable":true,"href":"https:\/\/www.yoolabox.com\/index.php\/wp-json\/wp\/v2\/product_brand?post=131302"},{"taxonomy":"product_cat","embeddable":true,"href":"https:\/\/www.yoolabox.com\/index.php\/wp-json\/wp\/v2\/product_cat?post=131302"},{"taxonomy":"product_tag","embeddable":true,"href":"https:\/\/www.yoolabox.com\/index.php\/wp-json\/wp\/v2\/product_tag?post=131302"}],"curies":[{"name":"wp","href":"https:\/\/api.w.org\/{rel}","templated":true}]}}